{"id":141,"date":"2016-02-10T19:11:08","date_gmt":"2016-02-10T17:11:08","guid":{"rendered":"http:\/\/www.lebenswerter-braubach.de\/?page_id=141"},"modified":"2019-05-02T07:08:42","modified_gmt":"2019-05-02T05:08:42","slug":"befuerworter-und-foerderer","status":"publish","type":"page","link":"http:\/\/www.lebenswerter-braubach.de\/?page_id=141","title":{"rendered":"Bef\u00fcrworter und F\u00f6rderer"},"content":{"rendered":"<p><u>Bef\u00fcrworter und Unterst\u00fctzer auf Stadtebene:<\/u><\/p>\n<ol>\n<li>B\u00fcrgermeister: <strong>Herr Joachim M\u00fcller<\/strong><\/li>\n<li>Parteien\/Fraktionen*:\u00a0\u00a0<strong>CDU, SPD, FBL<\/strong><\/li>\n<\/ol>\n<p><u>Bef\u00fcrworter und Unterst\u00fctzer auf Verbandsgemeindeebene:<\/u><\/p>\n<ol>\n<li><strong>B\u00fcrgermeister: <strong>Herr Werner Gro\u00df<\/strong><\/strong><\/li>\n<li>Parteien\/Fraktionen*:\u00a0<strong>SPD, CDU, FWG\/FBL,\u00a0B\u00fcndnis 90 \/ Die Gr\u00fcnen<\/strong><\/li>\n<li>sonstige:\u00a0<strong>Verbandsgemeinde Loreley<\/strong><\/li>\n<\/ol>\n<p><u>Bef\u00fcrworter und Unterst\u00fctzer auf Kreisebene:<\/u><\/p>\n<ol>\n<li>Landrat:\u00a0<strong>Herr Frank Puchtler<\/strong><\/li>\n<li>Parteien\/Fraktionen*:\u00a0<strong>SPD, CDU, FWG, B\u00fcndnis 90 \/ Die Gr\u00fcnen, FDP<\/strong><\/li>\n<\/ol>\n<p><u>Bef\u00fcrworter und Unterst\u00fctzer auf Landesebene:<\/u><\/p>\n<ol>\n<li>MdL: <strong>Herr Roger Lewentz, <\/strong>SPD\u00a0(Minister des Innern, f\u00fcr Sport und Infrastruktur)<\/li>\n<li>MdL:\u00a0<strong>Herr Matthias Lammert, <\/strong>CDU<\/li>\n<li>MdL: <strong>Frau Jutta Blatzheim-Roegler<\/strong>, B\u00fcndnis 90 \/ Die Gr\u00fcnen<\/li>\n<\/ol>\n<p><u>Bef\u00fcrworter und Unterst\u00fctzer auf Bundesebene:<\/u><\/p>\n<ol>\n<li>MdB:\u00a0<strong>Herr Patrick Schnieder<\/strong>, CDU<\/li>\n<li>MdB:\u00a0<strong>Herr Detlef Pilger<\/strong>, SPD<\/li>\n<li>MdB:\u00a0<strong>Frau Tabea R\u00f6\u00dfner<\/strong>, B\u00fcndnis 90 \/ Die Gr\u00fcnen<\/li>\n<\/ol>\n<p><u>Bef\u00fcrworter und Unterst\u00fctzer aus Organisationen und Verb\u00e4nden:<\/u><\/p>\n<ol>\n<li>UNESCO:\u00a0<strong>Frau K\u00f6nig-Lehrmann,\u00a0<\/strong>Zweckverband Oberes Mittelrheintal<\/li>\n<li>BUND:\u00a0<strong>Herr Matthias Boller<\/strong>**,\u00a0Landesverband Rheinland-Pfalz<\/li>\n<li>GSV:\u00a0<strong>Herr Willi Johannes<\/strong>,\u00a0Gesellschaft zur F\u00f6rderung umweltgerechter Stra\u00dfen<\/li>\n<li><strong>ADAC Mittelrhein e.V.<\/strong><\/li>\n<\/ol>\n<p><u>F\u00f6rderer:<\/u><\/p>\n<ol>\n<li style=\"text-align: center;\"><strong>Herr Leo Neydek, <\/strong> \u00a0\u00a0\u00a0\u00a0\u00a0\u00a0\u00a0\u00a0\u00a0\u00a0\u00a0\u00a0\u00a0\u00a0\u00a0\u00a0\u00a0\u00a0\u00a0\u00a0\u00a0\u00a0\u00a0\u00a0\u00a0\u00a0\u00a0\u00a0 B\u00fcndnis 90 \/ Die Gr\u00fcnen<\/li>\n<\/ol>\n<p>* Die Unterst\u00fctzung durch die jeweiligen Frakt.-Vors. bekundet.<br \/>\n** (Im gegenseitigen Interessensaustausch mit NABU Rhein-Lahn e.V.)<\/p>\n","protected":false},"excerpt":{"rendered":"<p>Bef\u00fcrworter und Unterst\u00fctzer auf Stadtebene: B\u00fcrgermeister: Herr Joachim M\u00fcller Parteien\/Fraktionen*:\u00a0\u00a0CDU, SPD, FBL Bef\u00fcrworter und Unterst\u00fctzer auf Verbandsgemeindeebene: B\u00fcrgermeister: Herr Werner Gro\u00df Parteien\/Fraktionen*:\u00a0SPD, CDU, FWG\/FBL,\u00a0B\u00fcndnis 90 \/ Die Gr\u00fcnen sonstige:\u00a0Verbandsgemeinde Loreley Bef\u00fcrworter und Unterst\u00fctzer auf Kreisebene: Landrat:\u00a0Herr Frank Puchtler Parteien\/Fraktionen*:\u00a0SPD, CDU, &hellip; <a href=\"http:\/\/www.lebenswerter-braubach.de\/?page_id=141\">Weiterlesen <span class=\"meta-nav\">&rarr;<\/span><\/a><\/p>\n","protected":false},"author":8,"featured_media":0,"parent":0,"menu_order":0,"comment_status":"closed","ping_status":"closed","template":"","meta":{"footnotes":"","_links_to":"","_links_to_target":""},"class_list":["post-141","page","type-page","status-publish","hentry"],"_links":{"self":[{"href":"http:\/\/www.lebenswerter-braubach.de\/index.php?rest_route=\/wp\/v2\/pages\/141","targetHints":{"allow":["GET"]}}],"collection":[{"href":"http:\/\/www.lebenswerter-braubach.de\/index.php?rest_route=\/wp\/v2\/pages"}],"about":[{"href":"http:\/\/www.lebenswerter-braubach.de\/index.php?rest_route=\/wp\/v2\/types\/page"}],"author":[{"embeddable":true,"href":"http:\/\/www.lebenswerter-braubach.de\/index.php?rest_route=\/wp\/v2\/users\/8"}],"replies":[{"embeddable":true,"href":"http:\/\/www.lebenswerter-braubach.de\/index.php?rest_route=%2Fwp%2Fv2%2Fcomments&post=141"}],"version-history":[{"count":0,"href":"http:\/\/www.lebenswerter-braubach.de\/index.php?rest_route=\/wp\/v2\/pages\/141\/revisions"}],"wp:attachment":[{"href":"http:\/\/www.lebenswerter-braubach.de\/index.php?rest_route=%2Fwp%2Fv2%2Fmedia&parent=141"}],"curies":[{"name":"wp","href":"https:\/\/api.w.org\/{rel}","templated":true}]}}